{"version":"1.0","provider_name":"Maarit Feldt-Ranta","provider_url":"https:\/\/maaritfeldtranta.fi","author_name":"Maarit Feldt-Ranta","author_url":"https:\/\/maaritfeldtranta.fi\/index.php\/author\/maarit\/","title":"Is\u00e4kin p\u00e4rj\u00e4si, kyll\u00e4 min\u00e4kin p\u00e4rj\u00e4\u00e4n - Maarit Feldt-Ranta","type":"rich","width":600,"height":338,"html":"<blockquote class=\"wp-embedded-content\" data-secret=\"1Io6cReNaH\"><a href=\"https:\/\/maaritfeldtranta.fi\/index.php\/2018\/12\/15\/isakin-parjasi-kylla-minakin-parjaan\/\">Is\u00e4kin p\u00e4rj\u00e4si, kyll\u00e4 min\u00e4kin p\u00e4rj\u00e4\u00e4n<\/a><\/blockquote><iframe sandbox=\"allow-scripts\" security=\"restricted\" src=\"https:\/\/maaritfeldtranta.fi\/index.php\/2018\/12\/15\/isakin-parjasi-kylla-minakin-parjaan\/embed\/#?secret=1Io6cReNaH\" width=\"600\" height=\"338\" title=\"&#8221;Is\u00e4kin p\u00e4rj\u00e4si, kyll\u00e4 min\u00e4kin p\u00e4rj\u00e4\u00e4n&#8221; &#8212; Maarit Feldt-Ranta\" data-secret=\"1Io6cReNaH\" frameborder=\"0\" marginwidth=\"0\" marginheight=\"0\" scrolling=\"no\" class=\"wp-embedded-content\"><\/iframe><script type=\"text\/javascript\">\n\/* <![CDATA[ *\/\n\/*! This file is auto-generated *\/\n!function(d,l){\"use strict\";l.querySelector&&d.addEventListener&&\"undefined\"!=typeof URL&&(d.wp=d.wp||{},d.wp.receiveEmbedMessage||(d.wp.receiveEmbedMessage=function(e){var t=e.data;if((t||t.secret||t.message||t.value)&&!\/[^a-zA-Z0-9]\/.test(t.secret)){for(var s,r,n,a=l.querySelectorAll('iframe[data-secret=\"'+t.secret+'\"]'),o=l.querySelectorAll('blockquote[data-secret=\"'+t.secret+'\"]'),c=new RegExp(\"^https?:$\",\"i\"),i=0;i<o.length;i++)o[i].style.display=\"none\";for(i=0;i<a.length;i++)s=a[i],e.source===s.contentWindow&&(s.removeAttribute(\"style\"),\"height\"===t.message?(1e3<(r=parseInt(t.value,10))?r=1e3:~~r<200&&(r=200),s.height=r):\"link\"===t.message&&(r=new URL(s.getAttribute(\"src\")),n=new URL(t.value),c.test(n.protocol))&&n.host===r.host&&l.activeElement===s&&(d.top.location.href=t.value))}},d.addEventListener(\"message\",d.wp.receiveEmbedMessage,!1),l.addEventListener(\"DOMContentLoaded\",function(){for(var e,t,s=l.querySelectorAll(\"iframe.wp-embedded-content\"),r=0;r<s.length;r++)(t=(e=s[r]).getAttribute(\"data-secret\"))||(t=Math.random().toString(36).substring(2,12),e.src+=\"#?secret=\"+t,e.setAttribute(\"data-secret\",t)),e.contentWindow.postMessage({message:\"ready\",secret:t},\"*\")},!1)))}(window,document);\n\/\/# sourceURL=https:\/\/maaritfeldtranta.fi\/wp-includes\/js\/wp-embed.min.js\n\/* ]]> *\/\n<\/script>\n","description":"Olen syntynyt ja kasvanut perheess\u00e4, jossa toinen vanhemmistani oli n\u00e4k\u00f6vammainen &#8211; tai sokea, niinkuin minun lapsuudessani sanottiin. Is\u00e4ni n\u00e4k\u00f6vammaisuus tietysti vaikutti el\u00e4m\u00e4\u00e4mme monella eri tavoin. Yhteiskunta oli lapsuudessani kovin erin\u00e4k\u00f6inen kuin t\u00e4m\u00e4n p\u00e4iv\u00e4n Suomi. Ty\u00f6markkinoilla ei ollut mink\u00e4\u00e4nmuotoisia j\u00e4rjest\u00e4ytyneit\u00e4 tukity\u00f6markkinoita, sosiaaliturva oli kovin puutteellista ja asenneilmapiiri aistivammaisia kohtaan raaka tai ainakin yhdenvertaisuutta kovasti v\u00e4h\u00e4ttelev\u00e4. Viel\u00e4 aivan viime aikoina on tullut julkisuuteen tietoja siit\u00e4, ett\u00e4 1970-luvun Suomessakin kuulovammaisia ihmisi\u00e4 steriloitiin. Itsekin &hellip;"}