{"version":"1.0","provider_name":"Maarit Feldt-Ranta","provider_url":"https:\/\/maaritfeldtranta.fi","author_name":"mfr","author_url":"https:\/\/maaritfeldtranta.fi\/index.php\/author\/mfr\/","title":"Tillsammans bygger vi landet - Maarit Feldt-Ranta","type":"rich","width":600,"height":338,"html":"<blockquote class=\"wp-embedded-content\" data-secret=\"x7rmbRyjoo\"><a href=\"https:\/\/maaritfeldtranta.fi\/index.php\/2016\/10\/16\/tillsammans-bygger-vi-landet\/\">Tillsammans bygger vi landet<\/a><\/blockquote><iframe sandbox=\"allow-scripts\" security=\"restricted\" src=\"https:\/\/maaritfeldtranta.fi\/index.php\/2016\/10\/16\/tillsammans-bygger-vi-landet\/embed\/#?secret=x7rmbRyjoo\" width=\"600\" height=\"338\" title=\"&#8221;Tillsammans bygger vi landet&#8221; &#8212; Maarit Feldt-Ranta\" data-secret=\"x7rmbRyjoo\" frameborder=\"0\" marginwidth=\"0\" marginheight=\"0\" scrolling=\"no\" class=\"wp-embedded-content\"><\/iframe><script type=\"text\/javascript\">\n\/* <![CDATA[ *\/\n\/*! This file is auto-generated *\/\n!function(d,l){\"use strict\";l.querySelector&&d.addEventListener&&\"undefined\"!=typeof URL&&(d.wp=d.wp||{},d.wp.receiveEmbedMessage||(d.wp.receiveEmbedMessage=function(e){var t=e.data;if((t||t.secret||t.message||t.value)&&!\/[^a-zA-Z0-9]\/.test(t.secret)){for(var s,r,n,a=l.querySelectorAll('iframe[data-secret=\"'+t.secret+'\"]'),o=l.querySelectorAll('blockquote[data-secret=\"'+t.secret+'\"]'),c=new RegExp(\"^https?:$\",\"i\"),i=0;i<o.length;i++)o[i].style.display=\"none\";for(i=0;i<a.length;i++)s=a[i],e.source===s.contentWindow&&(s.removeAttribute(\"style\"),\"height\"===t.message?(1e3<(r=parseInt(t.value,10))?r=1e3:~~r<200&&(r=200),s.height=r):\"link\"===t.message&&(r=new URL(s.getAttribute(\"src\")),n=new URL(t.value),c.test(n.protocol))&&n.host===r.host&&l.activeElement===s&&(d.top.location.href=t.value))}},d.addEventListener(\"message\",d.wp.receiveEmbedMessage,!1),l.addEventListener(\"DOMContentLoaded\",function(){for(var e,t,s=l.querySelectorAll(\"iframe.wp-embedded-content\"),r=0;r<s.length;r++)(t=(e=s[r]).getAttribute(\"data-secret\"))||(t=Math.random().toString(36).substring(2,12),e.src+=\"#?secret=\"+t,e.setAttribute(\"data-secret\",t)),e.contentWindow.postMessage({message:\"ready\",secret:t},\"*\")},!1)))}(window,document);\n\/\/# sourceURL=https:\/\/maaritfeldtranta.fi\/wp-includes\/js\/wp-embed.min.js\n\/* ]]> *\/\n<\/script>\n","description":"Sibbo socialdemokrater 50 \u00e5r 15.10.2016 Sibbo Riksdagsledamot Maarit Feldt-Ranta Det \u00e4r alltid roligt att g\u00e5 p\u00e5 fest. Men att f\u00e5 komma och dessutom att f\u00e5 festtala p\u00e5 en arbetarf\u00f6rening som firar 50 \u00e5r, \u00e4r n\u00e5gonting riktigt s\u00e4rskilt. Jag kommer att t\u00e4nka p\u00e5 alla de \u00e5ren, alla m\u00f6ten, alla m\u00e5ls\u00e4ttningar och alla m\u00e4nniskor, som under de h\u00e4r \u00e5rtionden h\u00e5llit socialdemokratins fana h\u00f6gt h\u00e4r i Sibbo med omnejd. Men alldeles speciell blir &hellip;"}