{"version":"1.0","provider_name":"Maarit Feldt-Ranta","provider_url":"https:\/\/maaritfeldtranta.fi","author_name":"mfr","author_url":"https:\/\/maaritfeldtranta.fi\/index.php\/author\/mfr\/","title":"1-\u00e5rsbetyget f\u00f6r regeringen Sipil\u00e4 - Maarit Feldt-Ranta","type":"rich","width":600,"height":338,"html":"<blockquote class=\"wp-embedded-content\" data-secret=\"D9YfA9iCIW\"><a href=\"https:\/\/maaritfeldtranta.fi\/index.php\/2016\/05\/24\/1-arsbetyget-for-regeringen-sipila\/\">1-\u00e5rsbetyget f\u00f6r regeringen Sipil\u00e4<\/a><\/blockquote><iframe sandbox=\"allow-scripts\" security=\"restricted\" src=\"https:\/\/maaritfeldtranta.fi\/index.php\/2016\/05\/24\/1-arsbetyget-for-regeringen-sipila\/embed\/#?secret=D9YfA9iCIW\" width=\"600\" height=\"338\" title=\"&#8221;1-\u00e5rsbetyget f\u00f6r regeringen Sipil\u00e4&#8221; &#8212; Maarit Feldt-Ranta\" data-secret=\"D9YfA9iCIW\" frameborder=\"0\" marginwidth=\"0\" marginheight=\"0\" scrolling=\"no\" class=\"wp-embedded-content\"><\/iframe><script type=\"text\/javascript\">\n\/* <![CDATA[ *\/\n\/*! This file is auto-generated *\/\n!function(d,l){\"use strict\";l.querySelector&&d.addEventListener&&\"undefined\"!=typeof URL&&(d.wp=d.wp||{},d.wp.receiveEmbedMessage||(d.wp.receiveEmbedMessage=function(e){var t=e.data;if((t||t.secret||t.message||t.value)&&!\/[^a-zA-Z0-9]\/.test(t.secret)){for(var s,r,n,a=l.querySelectorAll('iframe[data-secret=\"'+t.secret+'\"]'),o=l.querySelectorAll('blockquote[data-secret=\"'+t.secret+'\"]'),c=new RegExp(\"^https?:$\",\"i\"),i=0;i<o.length;i++)o[i].style.display=\"none\";for(i=0;i<a.length;i++)s=a[i],e.source===s.contentWindow&&(s.removeAttribute(\"style\"),\"height\"===t.message?(1e3<(r=parseInt(t.value,10))?r=1e3:~~r<200&&(r=200),s.height=r):\"link\"===t.message&&(r=new URL(s.getAttribute(\"src\")),n=new URL(t.value),c.test(n.protocol))&&n.host===r.host&&l.activeElement===s&&(d.top.location.href=t.value))}},d.addEventListener(\"message\",d.wp.receiveEmbedMessage,!1),l.addEventListener(\"DOMContentLoaded\",function(){for(var e,t,s=l.querySelectorAll(\"iframe.wp-embedded-content\"),r=0;r<s.length;r++)(t=(e=s[r]).getAttribute(\"data-secret\"))||(t=Math.random().toString(36).substring(2,12),e.src+=\"#?secret=\"+t,e.setAttribute(\"data-secret\",t)),e.contentWindow.postMessage({message:\"ready\",secret:t},\"*\")},!1)))}(window,document);\n\/\/# sourceURL=https:\/\/maaritfeldtranta.fi\/wp-includes\/js\/wp-embed.min.js\n\/* ]]> *\/\n<\/script>\n","description":"Centerns, Sannfinl\u00e4ndarnas och Samlingspartiets regering har nu suttit i ett \u00e5r och det \u00e4r dags att se var regeringen har \u00e5stadkommit och ge mellanvitsordet f\u00f6r det f\u00f6rsta \u00e5ret. I det stora hela kan vi se, att de besluten regeringen har fattat, har varit negativa f\u00f6r V\u00e4stra Nyland. Nedl\u00e4ggandet av Y-t\u00e5get, f\u00f6rs\u00e4mringar i t\u00e5gtidtabellerna samt beslutet att fj\u00e4rrt\u00e5gen inte mera stannar i Kyrksl\u00e4tt har varit en stor sm\u00e4ll. Vi forts\u00e4tter diskussioner &hellip;"}